{"id":8227,"date":"2022-08-28T16:59:34","date_gmt":"2022-08-28T21:59:34","guid":{"rendered":"https:\/\/sitio.ce.com.co\/ferias-y-exposiciones\/"},"modified":"2022-09-16T22:25:22","modified_gmt":"2022-09-17T03:25:22","slug":"feiras-e-exposicoes","status":"publish","type":"page","link":"https:\/\/www.ce.com.co\/pt-br\/servicios\/feiras-e-exposicoes\/","title":{"rendered":"Feiras e Exposi\u00e7\u00f5es"},"content":{"rendered":"\t\t<div data-elementor-type=\"wp-page\" data-elementor-id=\"8227\" class=\"elementor elementor-8227 elementor-7096\" data-elementor-post-type=\"page\">\n\t\t\t\t\t\t<section class=\"elementor-section elementor-top-section elementor-element elementor-element-4bb81135 elementor-section-content-middle elementor-section-height-min-height elementor-section-boxed elementor-section-height-default elementor-section-items-middle\" data-id=\"4bb81135\" data-element_type=\"section\" data-e-type=\"section\" data-settings=\"{&quot;background_background&quot;:&quot;classic&quot;}\">\n\t\t\t\t\t\t\t<div class=\"elementor-background-overlay\"><\/div>\n\t\t\t\t\t\t\t<div class=\"elementor-container elementor-column-gap-default\">\n\t\t\t\t\t<div class=\"elementor-column elementor-col-50 elementor-top-column elementor-element elementor-element-69d70779\" data-id=\"69d70779\" data-element_type=\"column\" data-e-type=\"column\">\n\t\t\t<div class=\"elementor-widget-wrap elementor-element-populated\">\n\t\t\t\t\t\t<div class=\"elementor-element elementor-element-5e19f719 elementor-widget elementor-widget-hub_fancy_heading\" data-id=\"5e19f719\" data-element_type=\"widget\" data-e-type=\"widget\" data-widget_type=\"hub_fancy_heading.default\">\n\t\t\t\t<div class=\"elementor-widget-container\">\n\t\t\t\t\t\n\t\t<div id=\"ld-fancy-heading-69f47de0453bc\" class=\"ld-fancy-heading pos-rel\">\n\t\t\t<h1 class=\"ld-fh-element d-inline-block pos-rel  elementor-heading-title lqd-highlight-classic lqd-highlight-grow-left h1\"  > O que fazemos<\/h1>\t\t<\/div>\n\n\t\t\t\t\t\t<\/div>\n\t\t\t\t<\/div>\n\t\t\t\t\t<\/div>\n\t\t<\/div>\n\t\t\t\t<div class=\"elementor-column elementor-col-50 elementor-top-column elementor-element elementor-element-1a4faa33\" data-id=\"1a4faa33\" data-element_type=\"column\" data-e-type=\"column\">\n\t\t\t<div class=\"elementor-widget-wrap\">\n\t\t\t\t\t\t\t<\/div>\n\t\t<\/div>\n\t\t\t\t\t<\/div>\n\t\t<\/section>\n\t\t\t\t<section class=\"elementor-section elementor-top-section elementor-element elementor-element-abc58d0 elementor-section-boxed elementor-section-height-default elementor-section-height-default\" data-id=\"abc58d0\" data-element_type=\"section\" data-e-type=\"section\">\n\t\t\t\t\t\t<div class=\"elementor-container elementor-column-gap-default\">\n\t\t\t\t\t<div class=\"lqd-css-sticky-column elementor-column elementor-col-50 elementor-top-column elementor-element elementor-element-6b42f7d\" style=\"--lqd-sticky-offset:30px\" data-id=\"6b42f7d\" data-element_type=\"column\" data-e-type=\"column\">\n\t\t\t<div class=\"elementor-widget-wrap elementor-element-populated\">\n\t\t\t\t\t\t<div class=\"elementor-element elementor-element-78f04f7 elementor-widget elementor-widget-ld_custom_menu\" data-id=\"78f04f7\" data-element_type=\"widget\" data-e-type=\"widget\" data-widget_type=\"ld_custom_menu.default\">\n\t\t\t\t<div class=\"elementor-widget-container\">\n\t\t\t\t\t\n\t\t\t<div\t\t\t\tclass=\"lqd-fancy-menu lqd-custom-menu pos-rel menu-items-has-fill left lqd-menu-td-none\"\n\t\t\t\t\t\t\t>\n\t\t\t\n\t\t\t\t\t\t<ul id=\"lqd-custom-menu-78f04f7\" class=\"reset-ul   \" itemtype=\"http:\/\/schema.org\/SiteNavigationElement\" itemscope=\"itemscope\"><li id=\"menu-item-8381\" class=\"menu-item menu-item-type-post_type menu-item-object-page menu-item-8381\"><a href=\"https:\/\/www.ce.com.co\/pt-br\/servicios\/experiencias-de-marca\/\">Experi\u00eancias de marca<\/a><\/li>\n<li id=\"menu-item-8382\" class=\"menu-item menu-item-type-post_type menu-item-object-page menu-item-8382\"><a href=\"https:\/\/www.ce.com.co\/pt-br\/servicios\/eventos-e-congressos\/\">Eventos e Congressos<\/a><\/li>\n<li id=\"menu-item-8383\" class=\"menu-item menu-item-type-post_type menu-item-object-page menu-item-8383\"><a href=\"https:\/\/www.ce.com.co\/pt-br\/servicios\/comunicacao-estrategica\/\">Comunica\u00e7\u00e3o estrat\u00e9gica<\/a><\/li>\n<li id=\"menu-item-8384\" class=\"menu-item menu-item-type-post_type menu-item-object-page menu-item-8384\"><a href=\"https:\/\/www.ce.com.co\/pt-br\/servicios\/feiras-e-exposicoes\/\">Feiras e Exposi\u00e7\u00f5es<\/a><\/li>\n<li id=\"menu-item-8385\" class=\"menu-item menu-item-type-post_type menu-item-object-page menu-item-8385\"><a href=\"https:\/\/www.ce.com.co\/pt-br\/servicios\/convencoes-e-viagens-de-incentivo\/\">Conven\u00e7\u00f5es e viagens de incentivo<\/a><\/li>\n<li id=\"menu-item-8386\" class=\"menu-item menu-item-type-post_type menu-item-object-page menu-item-8386\"><a href=\"https:\/\/www.ce.com.co\/pt-br\/servicios\/eventos-e-plataformas-virtuais\/\">Eventos e plataformas virtuais<\/a><\/li>\n<\/ul>\t\t\t\t\t\t\t\t\t<\/div>\n\t\t\t\t\t\t<\/div>\n\t\t\t\t<\/div>\n\t\t\t\t\t<\/div>\n\t\t<\/div>\n\t\t\t\t<div class=\"elementor-column elementor-col-50 elementor-top-column elementor-element elementor-element-5cf7149\" data-id=\"5cf7149\" data-element_type=\"column\" data-e-type=\"column\">\n\t\t\t<div class=\"elementor-widget-wrap elementor-element-populated\">\n\t\t\t\t\t\t<div class=\"elementor-element elementor-element-ccd725d elementor-widget elementor-widget-hub_fancy_heading lqd-el-has-inner-anim\" data-id=\"ccd725d\" data-element_type=\"widget\" data-e-type=\"widget\" data-settings=\"{&quot;enable_split&quot;:&quot;true&quot;,&quot;split_type&quot;:&quot;words&quot;}\" data-widget_type=\"hub_fancy_heading.default\">\n\t\t\t\t<div class=\"elementor-widget-container\">\n\t\t\t\t\t\n\t\t<div id=\"ld-fancy-heading-69f47de04f544\" class=\"ld-fancy-heading pos-rel\">\n\t\t\t<h2 class=\"ld-fh-element d-inline-block pos-rel  elementor-heading-title lqd-highlight-classic lqd-highlight-grow-left lqd-split-words h2\"  data-split-text=\"true\" data-split-options='{\"type\":\"words\"}'> Organizamos e planejamos exposi\u00e7\u00f5es de porte internacional que conectam oferta e demanda do seu mercado-alvo.<\/h2>\t\t<\/div>\n\n\t\t\t\t\t\t<\/div>\n\t\t\t\t<\/div>\n\t\t\t\t<div class=\"elementor-element elementor-element-17438f0 elementor-widget elementor-widget-text-editor\" data-id=\"17438f0\" data-element_type=\"widget\" data-e-type=\"widget\" data-widget_type=\"text-editor.default\">\n\t\t\t\t<div class=\"elementor-widget-container\">\n\t\t\t\t\t\t\t\t\t<p>Planejar e organizar feiras e exposi\u00e7\u00f5es de alta complexidade requer uma equipe dedicada e com experi\u00eancia para entender as diferentes \u00e1reas e tempos de execu\u00e7\u00e3o para que tudo funcione corretamente.<\/p><p>Tornamo-nos o seu aliado e equipa de trabalho para gerir e executar todas as \u00e1reas necess\u00e1rias para que a sua feira ou exposi\u00e7\u00e3o corresponda \u00e0s expectativas e objetivos do seu p\u00fablico.<\/p>\t\t\t\t\t\t\t\t<\/div>\n\t\t\t\t<\/div>\n\t\t\t\t<div class=\"elementor-element elementor-element-4a342f8 elementor-widget-divider--view-line elementor-widget elementor-widget-divider\" data-id=\"4a342f8\" data-element_type=\"widget\" data-e-type=\"widget\" data-widget_type=\"divider.default\">\n\t\t\t\t<div class=\"elementor-widget-container\">\n\t\t\t\t\t\t\t<div class=\"elementor-divider\">\n\t\t\t<span class=\"elementor-divider-separator\">\n\t\t\t\t\t\t<\/span>\n\t\t<\/div>\n\t\t\t\t\t\t<\/div>\n\t\t\t\t<\/div>\n\t\t\t\t<div class=\"elementor-element elementor-element-d201220 elementor-widget elementor-widget-hub_fancy_heading\" data-id=\"d201220\" data-element_type=\"widget\" data-e-type=\"widget\" data-widget_type=\"hub_fancy_heading.default\">\n\t\t\t\t<div class=\"elementor-widget-container\">\n\t\t\t\t\t\n\t\t<div id=\"ld-fancy-heading-69f47de051371\" class=\"ld-fancy-heading pos-rel\">\n\t\t\t<h2 class=\"ld-fh-element d-inline-block pos-rel  elementor-heading-title lqd-highlight-classic lqd-highlight-grow-left h2\"  data-text-rotator=\"true\" data-inview=\"true\" data-transition-delay=\"true\" data-delay-options=\"{&quot;elements&quot;:&quot;.lqd-highlight-inner&quot;,&quot;delayType&quot;:&quot;transition&quot;}\" >  <span class=\"txt-rotate-keywords\"><span class=\"txt-rotate-keyword active\" ><span> N\u00f3s organizamos<\/span><\/span><span class=\"txt-rotate-keyword\" ><span> N\u00f3s projetamos<\/span><\/span><span class=\"txt-rotate-keyword\" ><span> N\u00f3s planejamos<\/span><\/span><span class=\"txt-rotate-keyword\" ><span>N\u00f3s executamos<\/span><\/span><\/span><\/h2>\t\t<\/div>\n\n\t\t\t\t\t\t<\/div>\n\t\t\t\t<\/div>\n\t\t\t\t<section class=\"elementor-section elementor-inner-section elementor-element elementor-element-3b64cf4 elementor-section-boxed elementor-section-height-default elementor-section-height-default\" data-id=\"3b64cf4\" data-element_type=\"section\" data-e-type=\"section\">\n\t\t\t\t\t\t\t<div class=\"elementor-background-overlay\"><\/div>\n\t\t\t\t\t\t\t<div class=\"elementor-container elementor-column-gap-default\">\n\t\t\t\t\t<div class=\"elementor-column elementor-col-50 elementor-inner-column elementor-element elementor-element-c8607c4\" data-id=\"c8607c4\" data-element_type=\"column\" data-e-type=\"column\">\n\t\t\t<div class=\"elementor-widget-wrap elementor-element-populated\">\n\t\t\t\t\t\t<div class=\"elementor-element elementor-element-5fd1835 elementor-widget elementor-widget-ld_list\" data-id=\"5fd1835\" data-element_type=\"widget\" data-e-type=\"widget\" data-widget_type=\"ld_list.default\">\n\t\t\t\t<div class=\"elementor-widget-container\">\n\t\t\t\t\t\t\t\n\t\t<div class=\"lqd-bullet-list\">\n\t\t\t<ul class=\"bullet-list-ul reset-ul \">\n\t\t\t\t\t\t\t\t\t\t<li class=\"d-flex align-items-center\">Exposi\u00e7\u00f5es<\/li>\n\t\t\t\t\t\t\t\t\t\t<li class=\"d-flex align-items-center\"> Feiras<\/li>\n\t\t\t\t\t\t\t\t\t\t<li class=\"d-flex align-items-center\">Comercializa\u00e7\u00e3o<\/li>\n\t\t\t\t\t\t\t\t\t\t<li class=\"d-flex align-items-center\">Constru\u00e7\u00e3o de estandes<\/li>\n\t\t\t\t\t\t\t\t\t\t<li class=\"d-flex align-items-center\">Rodas de neg\u00f3cios<\/li>\n\t\t\t\t\t\t\t\t\t\t<li class=\"d-flex align-items-center\">Eventos simult\u00e2neos<\/li>\n\t\t\t\t\t\t\t<\/ul>\n\t\t<\/div>\n\n\t\t\t\t\t\t<\/div>\n\t\t\t\t<\/div>\n\t\t\t\t\t<\/div>\n\t\t<\/div>\n\t\t\t\t<div class=\"elementor-column elementor-col-50 elementor-inner-column elementor-element elementor-element-76175dc\" data-id=\"76175dc\" data-element_type=\"column\" data-e-type=\"column\">\n\t\t\t<div class=\"elementor-widget-wrap elementor-element-populated\">\n\t\t\t\t\t\t<div class=\"elementor-element elementor-element-3a5b982 elementor-widget elementor-widget-ld_list\" data-id=\"3a5b982\" data-element_type=\"widget\" data-e-type=\"widget\" data-widget_type=\"ld_list.default\">\n\t\t\t\t<div class=\"elementor-widget-container\">\n\t\t\t\t\t\t\t\n\t\t<div class=\"lqd-bullet-list\">\n\t\t\t<ul class=\"bullet-list-ul reset-ul \">\n\t\t\t\t\t\t\t\t\t\t<li class=\"d-flex align-items-center\">Gest\u00e3o de Exposi\u00e7\u00f5es<\/li>\n\t\t\t\t\t\t\t\t\t\t<li class=\"d-flex align-items-center\">Rede<\/li>\n\t\t\t\t\t\t\t\t\t\t<li class=\"d-flex align-items-center\">Produ\u00e7\u00e3o de estandes<\/li>\n\t\t\t\t\t\t\t\t\t\t<li class=\"d-flex align-items-center\"> Gera\u00e7\u00e3o de leads<\/li>\n\t\t\t\t\t\t\t\t\t\t<li class=\"d-flex align-items-center\">Confer\u00eancias de imprensa<\/li>\n\t\t\t\t\t\t\t\t\t\t<li class=\"d-flex align-items-center\">Encena\u00e7\u00e3o e produ\u00e7\u00e3o<\/li>\n\t\t\t\t\t\t\t<\/ul>\n\t\t<\/div>\n\n\t\t\t\t\t\t<\/div>\n\t\t\t\t<\/div>\n\t\t\t\t\t<\/div>\n\t\t<\/div>\n\t\t\t\t\t<\/div>\n\t\t<\/section>\n\t\t\t\t<div class=\"elementor-element elementor-element-100658b elementor-widget-divider--view-line elementor-widget elementor-widget-divider\" data-id=\"100658b\" data-element_type=\"widget\" data-e-type=\"widget\" data-widget_type=\"divider.default\">\n\t\t\t\t<div class=\"elementor-widget-container\">\n\t\t\t\t\t\t\t<div class=\"elementor-divider\">\n\t\t\t<span class=\"elementor-divider-separator\">\n\t\t\t\t\t\t<\/span>\n\t\t<\/div>\n\t\t\t\t\t\t<\/div>\n\t\t\t\t<\/div>\n\t\t\t\t\t<\/div>\n\t\t<\/div>\n\t\t\t\t\t<\/div>\n\t\t<\/section>\n\t\t\t\t<\/div>\n\t\t","protected":false},"excerpt":{"rendered":"<p>O que fazemos Experiencias de Marca Eventos y Congresos Comunicaci\u00f3n Estrategica Ferias y Exposiciones Convenciones y Viajes de Incentivos Eventos Virtuales y Plataformas Organizamos e planejamos exposi\u00e7\u00f5es de porte internacional que conectam oferta e demanda do seu mercado-alvo. Planejar e organizar feiras e exposi\u00e7\u00f5es de alta complexidade requer uma equipe dedicada e com experi\u00eancia para [&hellip;]<\/p>\n","protected":false},"author":1,"featured_media":0,"parent":8241,"menu_order":0,"comment_status":"closed","ping_status":"closed","template":"","meta":{"footnotes":""},"class_list":["post-8227","page","type-page","status-publish","hentry"],"yoast_head":"<!-- This site is optimized with the Yoast SEO plugin v27.4 - https:\/\/yoast.com\/product\/yoast-seo-wordpress\/ -->\n<title>Feiras e Exposi\u00e7\u00f5es - Comunicaciones Efectivas<\/title>\n<meta name=\"robots\" content=\"index, follow, max-snippet:-1, max-image-preview:large, max-video-preview:-1\" \/>\n<link rel=\"canonical\" href=\"https:\/\/www.ce.com.co\/pt-br\/servicios\/feiras-e-exposicoes\/\" \/>\n<meta property=\"og:locale\" content=\"pt_BR\" \/>\n<meta property=\"og:type\" content=\"article\" \/>\n<meta property=\"og:title\" content=\"Feiras e Exposi\u00e7\u00f5es - Comunicaciones Efectivas\" \/>\n<meta property=\"og:description\" content=\"O que fazemos Experiencias de Marca Eventos y Congresos Comunicaci\u00f3n Estrategica Ferias y Exposiciones Convenciones y Viajes de Incentivos Eventos Virtuales y Plataformas Organizamos e planejamos exposi\u00e7\u00f5es de porte internacional que conectam oferta e demanda do seu mercado-alvo. Planejar e organizar feiras e exposi\u00e7\u00f5es de alta complexidade requer uma equipe dedicada e com experi\u00eancia para [&hellip;]\" \/>\n<meta property=\"og:url\" content=\"https:\/\/www.ce.com.co\/pt-br\/servicios\/feiras-e-exposicoes\/\" \/>\n<meta property=\"og:site_name\" content=\"Comunicaciones Efectivas\" \/>\n<meta property=\"article:publisher\" content=\"https:\/\/www.facebook.com\/comunicaciones.efectivas\/\" \/>\n<meta property=\"article:modified_time\" content=\"2022-09-17T03:25:22+00:00\" \/>\n<meta name=\"twitter:card\" content=\"summary_large_image\" \/>\n<meta name=\"twitter:site\" content=\"@cefectivas\" \/>\n<meta name=\"twitter:label1\" content=\"Est. tempo de leitura\" \/>\n\t<meta name=\"twitter:data1\" content=\"1 minuto\" \/>\n<script type=\"application\/ld+json\" class=\"yoast-schema-graph\">{\"@context\":\"https:\\\/\\\/schema.org\",\"@graph\":[{\"@type\":\"WebPage\",\"@id\":\"https:\\\/\\\/www.ce.com.co\\\/pt-br\\\/servicios\\\/feiras-e-exposicoes\\\/\",\"url\":\"https:\\\/\\\/www.ce.com.co\\\/pt-br\\\/servicios\\\/feiras-e-exposicoes\\\/\",\"name\":\"Feiras e Exposi\u00e7\u00f5es - Comunicaciones Efectivas\",\"isPartOf\":{\"@id\":\"https:\\\/\\\/www.ce.com.co\\\/pt-br\\\/#website\"},\"datePublished\":\"2022-08-28T21:59:34+00:00\",\"dateModified\":\"2022-09-17T03:25:22+00:00\",\"breadcrumb\":{\"@id\":\"https:\\\/\\\/www.ce.com.co\\\/pt-br\\\/servicios\\\/feiras-e-exposicoes\\\/#breadcrumb\"},\"inLanguage\":\"pt-BR\",\"potentialAction\":[{\"@type\":\"ReadAction\",\"target\":[\"https:\\\/\\\/www.ce.com.co\\\/pt-br\\\/servicios\\\/feiras-e-exposicoes\\\/\"]}]},{\"@type\":\"BreadcrumbList\",\"@id\":\"https:\\\/\\\/www.ce.com.co\\\/pt-br\\\/servicios\\\/feiras-e-exposicoes\\\/#breadcrumb\",\"itemListElement\":[{\"@type\":\"ListItem\",\"position\":1,\"name\":\"Inicio\",\"item\":\"https:\\\/\\\/www.ce.com.co\\\/pt-br\\\/\"},{\"@type\":\"ListItem\",\"position\":2,\"name\":\"Servi\u00e7os\",\"item\":\"https:\\\/\\\/www.ce.com.co\\\/pt-br\\\/servicios\\\/\"},{\"@type\":\"ListItem\",\"position\":3,\"name\":\"Feiras e Exposi\u00e7\u00f5es\"}]},{\"@type\":\"WebSite\",\"@id\":\"https:\\\/\\\/www.ce.com.co\\\/pt-br\\\/#website\",\"url\":\"https:\\\/\\\/www.ce.com.co\\\/pt-br\\\/\",\"name\":\"Comunicaciones Efectivas\",\"description\":\"Comunicaciones Efectivas \u2013 Somos una organizaci\u00f3n con m\u00e1s de 30 a\u00f1os de experiencia ofreciendo soluciones para gesti\u00f3n y organizaci\u00f3n profesional de congresos, eventos, reuniones, convenciones y viajes de incentivos para asociaciones, agencias\\\/entes gubernamentales y empresas del sector privado.\",\"publisher\":{\"@id\":\"https:\\\/\\\/www.ce.com.co\\\/pt-br\\\/#organization\"},\"potentialAction\":[{\"@type\":\"SearchAction\",\"target\":{\"@type\":\"EntryPoint\",\"urlTemplate\":\"https:\\\/\\\/www.ce.com.co\\\/pt-br\\\/?s={search_term_string}\"},\"query-input\":{\"@type\":\"PropertyValueSpecification\",\"valueRequired\":true,\"valueName\":\"search_term_string\"}}],\"inLanguage\":\"pt-BR\"},{\"@type\":\"Organization\",\"@id\":\"https:\\\/\\\/www.ce.com.co\\\/pt-br\\\/#organization\",\"name\":\"Comunicaciones Efectivas\",\"url\":\"https:\\\/\\\/www.ce.com.co\\\/pt-br\\\/\",\"logo\":{\"@type\":\"ImageObject\",\"inLanguage\":\"pt-BR\",\"@id\":\"https:\\\/\\\/www.ce.com.co\\\/pt-br\\\/#\\\/schema\\\/logo\\\/image\\\/\",\"url\":\"https:\\\/\\\/www.ce.com.co\\\/wp-content\\\/uploads\\\/2021\\\/08\\\/220809-logo.png\",\"contentUrl\":\"https:\\\/\\\/www.ce.com.co\\\/wp-content\\\/uploads\\\/2021\\\/08\\\/220809-logo.png\",\"width\":400,\"height\":400,\"caption\":\"Comunicaciones Efectivas\"},\"image\":{\"@id\":\"https:\\\/\\\/www.ce.com.co\\\/pt-br\\\/#\\\/schema\\\/logo\\\/image\\\/\"},\"sameAs\":[\"https:\\\/\\\/www.facebook.com\\\/comunicaciones.efectivas\\\/\",\"https:\\\/\\\/x.com\\\/cefectivas\"]}]}<\/script>\n<!-- \/ Yoast SEO plugin. -->","yoast_head_json":{"title":"Feiras e Exposi\u00e7\u00f5es - Comunicaciones Efectivas","robots":{"index":"index","follow":"follow","max-snippet":"max-snippet:-1","max-image-preview":"max-image-preview:large","max-video-preview":"max-video-preview:-1"},"canonical":"https:\/\/www.ce.com.co\/pt-br\/servicios\/feiras-e-exposicoes\/","og_locale":"pt_BR","og_type":"article","og_title":"Feiras e Exposi\u00e7\u00f5es - Comunicaciones Efectivas","og_description":"O que fazemos Experiencias de Marca Eventos y Congresos Comunicaci\u00f3n Estrategica Ferias y Exposiciones Convenciones y Viajes de Incentivos Eventos Virtuales y Plataformas Organizamos e planejamos exposi\u00e7\u00f5es de porte internacional que conectam oferta e demanda do seu mercado-alvo. Planejar e organizar feiras e exposi\u00e7\u00f5es de alta complexidade requer uma equipe dedicada e com experi\u00eancia para [&hellip;]","og_url":"https:\/\/www.ce.com.co\/pt-br\/servicios\/feiras-e-exposicoes\/","og_site_name":"Comunicaciones Efectivas","article_publisher":"https:\/\/www.facebook.com\/comunicaciones.efectivas\/","article_modified_time":"2022-09-17T03:25:22+00:00","twitter_card":"summary_large_image","twitter_site":"@cefectivas","twitter_misc":{"Est. tempo de leitura":"1 minuto"},"schema":{"@context":"https:\/\/schema.org","@graph":[{"@type":"WebPage","@id":"https:\/\/www.ce.com.co\/pt-br\/servicios\/feiras-e-exposicoes\/","url":"https:\/\/www.ce.com.co\/pt-br\/servicios\/feiras-e-exposicoes\/","name":"Feiras e Exposi\u00e7\u00f5es - Comunicaciones Efectivas","isPartOf":{"@id":"https:\/\/www.ce.com.co\/pt-br\/#website"},"datePublished":"2022-08-28T21:59:34+00:00","dateModified":"2022-09-17T03:25:22+00:00","breadcrumb":{"@id":"https:\/\/www.ce.com.co\/pt-br\/servicios\/feiras-e-exposicoes\/#breadcrumb"},"inLanguage":"pt-BR","potentialAction":[{"@type":"ReadAction","target":["https:\/\/www.ce.com.co\/pt-br\/servicios\/feiras-e-exposicoes\/"]}]},{"@type":"BreadcrumbList","@id":"https:\/\/www.ce.com.co\/pt-br\/servicios\/feiras-e-exposicoes\/#breadcrumb","itemListElement":[{"@type":"ListItem","position":1,"name":"Inicio","item":"https:\/\/www.ce.com.co\/pt-br\/"},{"@type":"ListItem","position":2,"name":"Servi\u00e7os","item":"https:\/\/www.ce.com.co\/pt-br\/servicios\/"},{"@type":"ListItem","position":3,"name":"Feiras e Exposi\u00e7\u00f5es"}]},{"@type":"WebSite","@id":"https:\/\/www.ce.com.co\/pt-br\/#website","url":"https:\/\/www.ce.com.co\/pt-br\/","name":"Comunicaciones Efectivas","description":"Comunicaciones Efectivas \u2013 Somos una organizaci\u00f3n con m\u00e1s de 30 a\u00f1os de experiencia ofreciendo soluciones para gesti\u00f3n y organizaci\u00f3n profesional de congresos, eventos, reuniones, convenciones y viajes de incentivos para asociaciones, agencias\/entes gubernamentales y empresas del sector privado.","publisher":{"@id":"https:\/\/www.ce.com.co\/pt-br\/#organization"},"potentialAction":[{"@type":"SearchAction","target":{"@type":"EntryPoint","urlTemplate":"https:\/\/www.ce.com.co\/pt-br\/?s={search_term_string}"},"query-input":{"@type":"PropertyValueSpecification","valueRequired":true,"valueName":"search_term_string"}}],"inLanguage":"pt-BR"},{"@type":"Organization","@id":"https:\/\/www.ce.com.co\/pt-br\/#organization","name":"Comunicaciones Efectivas","url":"https:\/\/www.ce.com.co\/pt-br\/","logo":{"@type":"ImageObject","inLanguage":"pt-BR","@id":"https:\/\/www.ce.com.co\/pt-br\/#\/schema\/logo\/image\/","url":"https:\/\/www.ce.com.co\/wp-content\/uploads\/2021\/08\/220809-logo.png","contentUrl":"https:\/\/www.ce.com.co\/wp-content\/uploads\/2021\/08\/220809-logo.png","width":400,"height":400,"caption":"Comunicaciones Efectivas"},"image":{"@id":"https:\/\/www.ce.com.co\/pt-br\/#\/schema\/logo\/image\/"},"sameAs":["https:\/\/www.facebook.com\/comunicaciones.efectivas\/","https:\/\/x.com\/cefectivas"]}]}},"_links":{"self":[{"href":"https:\/\/www.ce.com.co\/pt-br\/wp-json\/wp\/v2\/pages\/8227","targetHints":{"allow":["GET"]}}],"collection":[{"href":"https:\/\/www.ce.com.co\/pt-br\/wp-json\/wp\/v2\/pages"}],"about":[{"href":"https:\/\/www.ce.com.co\/pt-br\/wp-json\/wp\/v2\/types\/page"}],"author":[{"embeddable":true,"href":"https:\/\/www.ce.com.co\/pt-br\/wp-json\/wp\/v2\/users\/1"}],"replies":[{"embeddable":true,"href":"https:\/\/www.ce.com.co\/pt-br\/wp-json\/wp\/v2\/comments?post=8227"}],"version-history":[{"count":6,"href":"https:\/\/www.ce.com.co\/pt-br\/wp-json\/wp\/v2\/pages\/8227\/revisions"}],"predecessor-version":[{"id":8566,"href":"https:\/\/www.ce.com.co\/pt-br\/wp-json\/wp\/v2\/pages\/8227\/revisions\/8566"}],"up":[{"embeddable":true,"href":"https:\/\/www.ce.com.co\/pt-br\/wp-json\/wp\/v2\/pages\/8241"}],"wp:attachment":[{"href":"https:\/\/www.ce.com.co\/pt-br\/wp-json\/wp\/v2\/media?parent=8227"}],"curies":[{"name":"wp","href":"https:\/\/api.w.org\/{rel}","templated":true}]}}